{"id":217,"date":"2022-04-23T14:42:15","date_gmt":"2022-04-23T12:42:15","guid":{"rendered":"http:\/\/ileauxenfants91.com\/?page_id=217"},"modified":"2022-06-17T12:38:41","modified_gmt":"2022-06-17T10:38:41","slug":"les-sorties","status":"publish","type":"page","link":"http:\/\/ileauxenfants91.com\/index.php\/les-sorties\/","title":{"rendered":"Les \u00e9v\u00e9nements"},"content":{"rendered":"","protected":false},"excerpt":{"rendered":"","protected":false},"author":1,"featured_media":0,"parent":0,"menu_order":0,"comment_status":"closed","ping_status":"closed","template":"","meta":{"footnotes":""},"class_list":["post-217","page","type-page","status-publish","hentry"],"yoast_head":"<!-- This site is optimized with the Yoast SEO plugin v21.2 - https:\/\/yoast.com\/wordpress\/plugins\/seo\/ -->\n<title>Les \u00e9v\u00e9nements - L&#039;\u00eele aux Enfants<\/title>\n<meta name=\"description\" content=\"Les \u00e9v\u00e9nements L&#039;\u00eele aux Enfants L&#039;\u00eele aux enfants est une cr\u00e8che parentale situ\u00e9e en Essonne (91) d\u00e9di\u00e9e aux communes de Briis-sous-Forges et Forges-les-bains.\" \/>\n<meta name=\"robots\" content=\"index, follow, max-snippet:-1, max-image-preview:large, max-video-preview:-1\" \/>\n<link rel=\"canonical\" href=\"http:\/\/ileauxenfants91.com\/index.php\/les-sorties\/\" \/>\n<meta property=\"og:locale\" content=\"fr_FR\" \/>\n<meta property=\"og:type\" content=\"article\" \/>\n<meta property=\"og:title\" content=\"Les \u00e9v\u00e9nements - L&#039;\u00eele aux Enfants\" \/>\n<meta property=\"og:description\" content=\"Les \u00e9v\u00e9nements L&#039;\u00eele aux Enfants L&#039;\u00eele aux enfants est une cr\u00e8che parentale situ\u00e9e en Essonne (91) d\u00e9di\u00e9e aux communes de Briis-sous-Forges et Forges-les-bains.\" \/>\n<meta property=\"og:url\" content=\"http:\/\/ileauxenfants91.com\/index.php\/les-sorties\/\" \/>\n<meta property=\"og:site_name\" content=\"L&#039;\u00eele aux Enfants\" \/>\n<meta property=\"article:modified_time\" content=\"2022-06-17T10:38:41+00:00\" \/>\n<meta name=\"twitter:card\" content=\"summary_large_image\" \/>\n<script type=\"application\/ld+json\" class=\"yoast-schema-graph\">{\"@context\":\"https:\/\/schema.org\",\"@graph\":[{\"@type\":\"WebPage\",\"@id\":\"http:\/\/ileauxenfants91.com\/index.php\/les-sorties\/\",\"url\":\"http:\/\/ileauxenfants91.com\/index.php\/les-sorties\/\",\"name\":\"Les \u00e9v\u00e9nements - L&#039;\u00eele aux Enfants\",\"isPartOf\":{\"@id\":\"https:\/\/ileauxenfants91.com\/#website\"},\"datePublished\":\"2022-04-23T12:42:15+00:00\",\"dateModified\":\"2022-06-17T10:38:41+00:00\",\"description\":\"Les \u00e9v\u00e9nements L&#039;\u00eele aux Enfants L'\u00eele aux enfants est une cr\u00e8che parentale situ\u00e9e en Essonne (91) d\u00e9di\u00e9e aux communes de Briis-sous-Forges et Forges-les-bains.\",\"breadcrumb\":{\"@id\":\"http:\/\/ileauxenfants91.com\/index.php\/les-sorties\/#breadcrumb\"},\"inLanguage\":\"fr-FR\",\"potentialAction\":[{\"@type\":\"ReadAction\",\"target\":[\"http:\/\/ileauxenfants91.com\/index.php\/les-sorties\/\"]}]},{\"@type\":\"BreadcrumbList\",\"@id\":\"http:\/\/ileauxenfants91.com\/index.php\/les-sorties\/#breadcrumb\",\"itemListElement\":[{\"@type\":\"ListItem\",\"position\":1,\"name\":\"Accueil\",\"item\":\"https:\/\/ileauxenfants91.com\/\"},{\"@type\":\"ListItem\",\"position\":2,\"name\":\"Les \u00e9v\u00e9nements\"}]},{\"@type\":\"WebSite\",\"@id\":\"https:\/\/ileauxenfants91.com\/#website\",\"url\":\"https:\/\/ileauxenfants91.com\/\",\"name\":\"L&#039;\u00eele aux Enfants\",\"description\":\"Cr\u00e8che Parentale de Briis-sous-Forges et Forges-les-Bains en Essonne (91)\",\"publisher\":{\"@id\":\"https:\/\/ileauxenfants91.com\/#organization\"},\"potentialAction\":[{\"@type\":\"SearchAction\",\"target\":{\"@type\":\"EntryPoint\",\"urlTemplate\":\"https:\/\/ileauxenfants91.com\/?s={search_term_string}\"},\"query-input\":\"required name=search_term_string\"}],\"inLanguage\":\"fr-FR\"},{\"@type\":\"Organization\",\"@id\":\"https:\/\/ileauxenfants91.com\/#organization\",\"name\":\"L'\u00eele aux Enfants - Cr\u00e8che parentale\",\"url\":\"https:\/\/ileauxenfants91.com\/\",\"logo\":{\"@type\":\"ImageObject\",\"inLanguage\":\"fr-FR\",\"@id\":\"https:\/\/ileauxenfants91.com\/#\/schema\/logo\/image\/\",\"url\":\"http:\/\/ileauxenfants91.com\/wp-content\/uploads\/2022\/04\/cropped-logo_250x250-1.jpg\",\"contentUrl\":\"http:\/\/ileauxenfants91.com\/wp-content\/uploads\/2022\/04\/cropped-logo_250x250-1.jpg\",\"width\":250,\"height\":250,\"caption\":\"L'\u00eele aux Enfants - Cr\u00e8che parentale\"},\"image\":{\"@id\":\"https:\/\/ileauxenfants91.com\/#\/schema\/logo\/image\/\"}}]}<\/script>\n<!-- \/ Yoast SEO plugin. -->","yoast_head_json":{"title":"Les \u00e9v\u00e9nements - L&#039;\u00eele aux Enfants","description":"Les \u00e9v\u00e9nements L&#039;\u00eele aux Enfants L'\u00eele aux enfants est une cr\u00e8che parentale situ\u00e9e en Essonne (91) d\u00e9di\u00e9e aux communes de Briis-sous-Forges et Forges-les-bains.","robots":{"index":"index","follow":"follow","max-snippet":"max-snippet:-1","max-image-preview":"max-image-preview:large","max-video-preview":"max-video-preview:-1"},"canonical":"http:\/\/ileauxenfants91.com\/index.php\/les-sorties\/","og_locale":"fr_FR","og_type":"article","og_title":"Les \u00e9v\u00e9nements - L&#039;\u00eele aux Enfants","og_description":"Les \u00e9v\u00e9nements L&#039;\u00eele aux Enfants L'\u00eele aux enfants est une cr\u00e8che parentale situ\u00e9e en Essonne (91) d\u00e9di\u00e9e aux communes de Briis-sous-Forges et Forges-les-bains.","og_url":"http:\/\/ileauxenfants91.com\/index.php\/les-sorties\/","og_site_name":"L&#039;\u00eele aux Enfants","article_modified_time":"2022-06-17T10:38:41+00:00","twitter_card":"summary_large_image","schema":{"@context":"https:\/\/schema.org","@graph":[{"@type":"WebPage","@id":"http:\/\/ileauxenfants91.com\/index.php\/les-sorties\/","url":"http:\/\/ileauxenfants91.com\/index.php\/les-sorties\/","name":"Les \u00e9v\u00e9nements - L&#039;\u00eele aux Enfants","isPartOf":{"@id":"https:\/\/ileauxenfants91.com\/#website"},"datePublished":"2022-04-23T12:42:15+00:00","dateModified":"2022-06-17T10:38:41+00:00","description":"Les \u00e9v\u00e9nements L&#039;\u00eele aux Enfants L'\u00eele aux enfants est une cr\u00e8che parentale situ\u00e9e en Essonne (91) d\u00e9di\u00e9e aux communes de Briis-sous-Forges et Forges-les-bains.","breadcrumb":{"@id":"http:\/\/ileauxenfants91.com\/index.php\/les-sorties\/#breadcrumb"},"inLanguage":"fr-FR","potentialAction":[{"@type":"ReadAction","target":["http:\/\/ileauxenfants91.com\/index.php\/les-sorties\/"]}]},{"@type":"BreadcrumbList","@id":"http:\/\/ileauxenfants91.com\/index.php\/les-sorties\/#breadcrumb","itemListElement":[{"@type":"ListItem","position":1,"name":"Accueil","item":"https:\/\/ileauxenfants91.com\/"},{"@type":"ListItem","position":2,"name":"Les \u00e9v\u00e9nements"}]},{"@type":"WebSite","@id":"https:\/\/ileauxenfants91.com\/#website","url":"https:\/\/ileauxenfants91.com\/","name":"L&#039;\u00eele aux Enfants","description":"Cr\u00e8che Parentale de Briis-sous-Forges et Forges-les-Bains en Essonne (91)","publisher":{"@id":"https:\/\/ileauxenfants91.com\/#organization"},"potentialAction":[{"@type":"SearchAction","target":{"@type":"EntryPoint","urlTemplate":"https:\/\/ileauxenfants91.com\/?s={search_term_string}"},"query-input":"required name=search_term_string"}],"inLanguage":"fr-FR"},{"@type":"Organization","@id":"https:\/\/ileauxenfants91.com\/#organization","name":"L'\u00eele aux Enfants - Cr\u00e8che parentale","url":"https:\/\/ileauxenfants91.com\/","logo":{"@type":"ImageObject","inLanguage":"fr-FR","@id":"https:\/\/ileauxenfants91.com\/#\/schema\/logo\/image\/","url":"http:\/\/ileauxenfants91.com\/wp-content\/uploads\/2022\/04\/cropped-logo_250x250-1.jpg","contentUrl":"http:\/\/ileauxenfants91.com\/wp-content\/uploads\/2022\/04\/cropped-logo_250x250-1.jpg","width":250,"height":250,"caption":"L'\u00eele aux Enfants - Cr\u00e8che parentale"},"image":{"@id":"https:\/\/ileauxenfants91.com\/#\/schema\/logo\/image\/"}}]}},"_links":{"self":[{"href":"http:\/\/ileauxenfants91.com\/index.php\/wp-json\/wp\/v2\/pages\/217","targetHints":{"allow":["GET"]}}],"collection":[{"href":"http:\/\/ileauxenfants91.com\/index.php\/wp-json\/wp\/v2\/pages"}],"about":[{"href":"http:\/\/ileauxenfants91.com\/index.php\/wp-json\/wp\/v2\/types\/page"}],"author":[{"embeddable":true,"href":"http:\/\/ileauxenfants91.com\/index.php\/wp-json\/wp\/v2\/users\/1"}],"replies":[{"embeddable":true,"href":"http:\/\/ileauxenfants91.com\/index.php\/wp-json\/wp\/v2\/comments?post=217"}],"version-history":[{"count":4,"href":"http:\/\/ileauxenfants91.com\/index.php\/wp-json\/wp\/v2\/pages\/217\/revisions"}],"predecessor-version":[{"id":291,"href":"http:\/\/ileauxenfants91.com\/index.php\/wp-json\/wp\/v2\/pages\/217\/revisions\/291"}],"wp:attachment":[{"href":"http:\/\/ileauxenfants91.com\/index.php\/wp-json\/wp\/v2\/media?parent=217"}],"curies":[{"name":"wp","href":"https:\/\/api.w.org\/{rel}","templated":true}]}}